{"id":10250,"date":"2020-04-16T12:26:25","date_gmt":"2020-04-16T10:26:25","guid":{"rendered":"https:\/\/www.esquiades.com\/blog\/?page_id=10250"},"modified":"2026-06-15T09:06:58","modified_gmt":"2026-06-15T07:06:58","slug":"ultimas-noticias","status":"publish","type":"page","link":"https:\/\/www.esquiades.com\/blog\/ultimas-noticias\/","title":{"rendered":"Ultimas noticias"},"content":{"rendered":"\t\t<div data-elementor-type=\"wp-page\" data-elementor-id=\"10250\" class=\"elementor elementor-10250\" data-elementor-post-type=\"page\">\n\t\t\t\t\t\t<section class=\"elementor-section elementor-top-section elementor-element elementor-element-494b12d7 elementor-section-full_width elementor-section-height-default elementor-section-height-default\" data-id=\"494b12d7\" data-element_type=\"section\" data-e-type=\"section\">\n\t\t\t\t\t\t<div class=\"elementor-container elementor-column-gap-default\">\n\t\t\t\t\t<div class=\"elementor-column elementor-col-100 elementor-top-column elementor-element elementor-element-45300684\" data-id=\"45300684\" data-element_type=\"column\" data-e-type=\"column\">\n\t\t\t<div class=\"elementor-widget-wrap elementor-element-populated\">\n\t\t\t\t\t\t<div class=\"elementor-element elementor-element-54fc5434 elementor-widget elementor-widget-heading\" data-id=\"54fc5434\" data-element_type=\"widget\" data-e-type=\"widget\" data-widget_type=\"heading.default\">\n\t\t\t\t<div class=\"elementor-widget-container\">\n\t\t\t\t\t<h2 class=\"elementor-heading-title elementor-size-default\">Todas las entradas del blog<\/h2>\t\t\t\t<\/div>\n\t\t\t\t<\/div>\n\t\t\t\t<div class=\"elementor-element elementor-element-7a2b6110 elementor-grid-3 elementor-grid-tablet-2 elementor-grid-mobile-1 elementor-posts--thumbnail-top elementor-widget elementor-widget-posts\" data-id=\"7a2b6110\" data-element_type=\"widget\" data-e-type=\"widget\" data-settings=\"{&quot;pagination_type&quot;:&quot;numbers&quot;,&quot;esquiades_posts_columns&quot;:&quot;3&quot;,&quot;esquiades_posts_columns_tablet&quot;:&quot;2&quot;,&quot;esquiades_posts_columns_mobile&quot;:&quot;1&quot;,&quot;esquiades_posts_row_gap&quot;:{&quot;unit&quot;:&quot;px&quot;,&quot;size&quot;:35,&quot;sizes&quot;:[]},&quot;esquiades_posts_row_gap_tablet&quot;:{&quot;unit&quot;:&quot;px&quot;,&quot;size&quot;:&quot;&quot;,&quot;sizes&quot;:[]},&quot;esquiades_posts_row_gap_mobile&quot;:{&quot;unit&quot;:&quot;px&quot;,&quot;size&quot;:&quot;&quot;,&quot;sizes&quot;:[]}}\" data-widget_type=\"posts.esquiades_posts\">\n\t\t\t\t<div class=\"elementor-widget-container\">\n\t\t\t\t\t\t\t<div class=\"elementor-posts-container elementor-posts elementor-posts--skin-esquiades_posts elementor-grid\" role=\"list\">\n\t\t\t\t<article class=\"elementor-post elementor-grid-item post-19131 post type-post status-publish format-standard has-post-thumbnail hentry category-actividades-de-montana tag-entrenamiento-para-esquiar tag-esqui-en-verano tag-ferrata-en-verano tag-montana-en-verano tag-pirineo-aragones tag-valle-de-benasque tag-vias-ferrata\" role=\"listitem\">\n\t\t\t\t<a class=\"elementor-post__thumbnail__link\" href=\"https:\/\/www.esquiades.com\/blog\/ferrata-en-verano-para-esquiadores\/\" tabindex=\"-1\" >\n\t\t\t<div class=\"elementor-post__thumbnail\"><img fetchpriority=\"high\" decoding=\"async\" width=\"940\" height=\"627\" src=\"https:\/\/www.esquiades.com\/blog\/app\/uploads\/2026\/08\/ferrata-verano-portada.jpg\" class=\"attachment-full size-full wp-image-19146\" alt=\"Escaladores en una via ferrata en verano cruzando una pared de montana\" srcset=\"https:\/\/www.esquiades.com\/blog\/app\/uploads\/2026\/08\/ferrata-verano-portada.jpg 940w, https:\/\/www.esquiades.com\/blog\/app\/uploads\/2026\/08\/ferrata-verano-portada-300x200.jpg 300w, https:\/\/www.esquiades.com\/blog\/app\/uploads\/2026\/08\/ferrata-verano-portada-768x512.jpg 768w\" sizes=\"(max-width: 940px) 100vw, 940px\" \/><\/div>\n\t\t<\/a>\n\t\t\t\t<div class=\"elementor-post__text\">\n\t\t\t\t<h3 class=\"elementor-post__title\">\n\t\t\t<a href=\"https:\/\/www.esquiades.com\/blog\/ferrata-en-verano-para-esquiadores\/\" >\n\t\t\t\tLo que un esquiador aprende haciendo ferrata en verano\t\t\t<\/a>\n\t\t<\/h3>\n\t\t\t\t<div class=\"elementor-post__excerpt\">\n\t\t\t<p>Colgarse de un cable de vida en verano entrena el equilibrio, la fuerza y la cabeza que necesitas en la nieve. Te contamos por qu\u00e9 la ferrata te hace mejor esquiador.<\/p>\n\t\t<\/div>\n\t\t\n\t\t<a class=\"elementor-post__read-more\" href=\"https:\/\/www.esquiades.com\/blog\/ferrata-en-verano-para-esquiadores\/\" aria-label=\"M\u00e1s informaci\u00f3n sobre Lo que un esquiador aprende haciendo ferrata en verano\" tabindex=\"-1\" >\n\t\t\tSeguir leyendo &gt;\t\t<\/a>\n\n\t\t\t\t<\/div>\n\t\t\t\t<\/article>\n\t\t\t\t<article class=\"elementor-post elementor-grid-item post-19005 post type-post status-publish format-standard has-post-thumbnail hentry category-ofertas-y-promociones category-sin-categoria tag-alpes-franceses tag-andorra tag-esquiades-com tag-forfait tag-garantia-de-nieve tag-grandvalira tag-hotel-y-forfait tag-ofertas-de-esqui tag-ofertas-de-esqui-en-verano tag-pow-weeks tag-reserva-anticipada-de-esqui tag-reservar-viaje-de-esqui-en-verano tag-temporada-de-esqui tag-vacaciones-de-invierno\" role=\"listitem\">\n\t\t\t\t<a class=\"elementor-post__thumbnail__link\" href=\"https:\/\/www.esquiades.com\/blog\/reservar-viaje-esqui-verano-ahorrar\/\" tabindex=\"-1\" >\n\t\t\t<div class=\"elementor-post__thumbnail\"><img decoding=\"async\" width=\"1080\" height=\"1080\" src=\"https:\/\/www.esquiades.com\/blog\/app\/uploads\/2026\/07\/Portada-Blog-3.jpg\" class=\"attachment-full size-full wp-image-19078\" alt=\"\" srcset=\"https:\/\/www.esquiades.com\/blog\/app\/uploads\/2026\/07\/Portada-Blog-3.jpg 1080w, https:\/\/www.esquiades.com\/blog\/app\/uploads\/2026\/07\/Portada-Blog-3-300x300.jpg 300w, https:\/\/www.esquiades.com\/blog\/app\/uploads\/2026\/07\/Portada-Blog-3-1024x1024.jpg 1024w, https:\/\/www.esquiades.com\/blog\/app\/uploads\/2026\/07\/Portada-Blog-3-150x150.jpg 150w, https:\/\/www.esquiades.com\/blog\/app\/uploads\/2026\/07\/Portada-Blog-3-768x768.jpg 768w\" sizes=\"(max-width: 1080px) 100vw, 1080px\" \/><\/div>\n\t\t<\/a>\n\t\t\t\t<div class=\"elementor-post__text\">\n\t\t\t\t<h3 class=\"elementor-post__title\">\n\t\t\t<a href=\"https:\/\/www.esquiades.com\/blog\/reservar-viaje-esqui-verano-ahorrar\/\" >\n\t\t\t\tPor qu\u00e9 reservar tu viaje de esqu\u00ed en verano puede ahorrarte hasta un 45%\t\t\t<\/a>\n\t\t<\/h3>\n\t\t\t\t<div class=\"elementor-post__excerpt\">\n\t\t\t<p>Mientras todo el mundo est\u00e1 pensando en la playa \ud83c\udfd6\ufe0f las toallas y el chiringuito, los esquiadores tienen la cabeza en la nieve. \u2744\ufe0f Comprar<\/p>\n\t\t<\/div>\n\t\t\n\t\t<a class=\"elementor-post__read-more\" href=\"https:\/\/www.esquiades.com\/blog\/reservar-viaje-esqui-verano-ahorrar\/\" aria-label=\"M\u00e1s informaci\u00f3n sobre Por qu\u00e9 reservar tu viaje de esqu\u00ed en verano puede ahorrarte hasta un 45%\" tabindex=\"-1\" >\n\t\t\tSeguir leyendo &gt;\t\t<\/a>\n\n\t\t\t\t<\/div>\n\t\t\t\t<\/article>\n\t\t\t\t<article class=\"elementor-post elementor-grid-item post-18925 post type-post status-publish format-standard has-post-thumbnail hentry category-actividades-de-montana category-aventura category-consejos-y-trucos tag-alpes-italianos tag-cortina-dampezzo tag-dolomitas-desde-espana tag-dolomitas-en-verano tag-hoteles-en-dolomitas tag-lago-de-braies tag-lagos-dolomitas tag-senderismo-dolomitas tag-tre-cime-di-lavaredo tag-val-gardena tag-viajar-a-dolomitas tag-viaje-de-montana\" role=\"listitem\">\n\t\t\t\t<a class=\"elementor-post__thumbnail__link\" href=\"https:\/\/www.esquiades.com\/blog\/dolomitas-en-verano-guia-para-viajar-desde-espana-por-primera-vez\/\" tabindex=\"-1\" >\n\t\t\t<div class=\"elementor-post__thumbnail\"><img decoding=\"async\" width=\"1080\" height=\"1080\" src=\"https:\/\/www.esquiades.com\/blog\/app\/uploads\/2026\/07\/Portada-Blog-1.jpg\" class=\"attachment-full size-full wp-image-18982\" alt=\"\" srcset=\"https:\/\/www.esquiades.com\/blog\/app\/uploads\/2026\/07\/Portada-Blog-1.jpg 1080w, https:\/\/www.esquiades.com\/blog\/app\/uploads\/2026\/07\/Portada-Blog-1-300x300.jpg 300w, https:\/\/www.esquiades.com\/blog\/app\/uploads\/2026\/07\/Portada-Blog-1-1024x1024.jpg 1024w, https:\/\/www.esquiades.com\/blog\/app\/uploads\/2026\/07\/Portada-Blog-1-150x150.jpg 150w, https:\/\/www.esquiades.com\/blog\/app\/uploads\/2026\/07\/Portada-Blog-1-768x768.jpg 768w\" sizes=\"(max-width: 1080px) 100vw, 1080px\" \/><\/div>\n\t\t<\/a>\n\t\t\t\t<div class=\"elementor-post__text\">\n\t\t\t\t<h3 class=\"elementor-post__title\">\n\t\t\t<a href=\"https:\/\/www.esquiades.com\/blog\/dolomitas-en-verano-guia-para-viajar-desde-espana-por-primera-vez\/\" >\n\t\t\t\tDolomitas en verano: gu\u00eda para viajar desde Espa\u00f1a por primera vez\t\t\t<\/a>\n\t\t<\/h3>\n\t\t\t\t<div class=\"elementor-post__excerpt\">\n\t\t\t<p>Los amantes de la monta\u00f1a no pueden dejar de hacer un viaje a los Dolomitas en verano. \ud83c\udf04 \u00a0 Pero pasar de los Pirineos o<\/p>\n\t\t<\/div>\n\t\t\n\t\t<a class=\"elementor-post__read-more\" href=\"https:\/\/www.esquiades.com\/blog\/dolomitas-en-verano-guia-para-viajar-desde-espana-por-primera-vez\/\" aria-label=\"M\u00e1s informaci\u00f3n sobre Dolomitas en verano: gu\u00eda para viajar desde Espa\u00f1a por primera vez\" tabindex=\"-1\" >\n\t\t\tSeguir leyendo &gt;\t\t<\/a>\n\n\t\t\t\t<\/div>\n\t\t\t\t<\/article>\n\t\t\t\t<article class=\"elementor-post elementor-grid-item post-18874 post type-post status-publish format-standard has-post-thumbnail hentry category-actividades-de-montana tag-boi-taull tag-montana-y-senderismo tag-planes-familiares tag-rutas-y-excursiones tag-valle-de-boi\" role=\"listitem\">\n\t\t\t\t<a class=\"elementor-post__thumbnail__link\" href=\"https:\/\/www.esquiades.com\/blog\/rutas-en-la-vall-de-boi-lagos-pasarelas-y-paisajes-de-alta-montana\/\" tabindex=\"-1\" >\n\t\t\t<div class=\"elementor-post__thumbnail\"><img loading=\"lazy\" decoding=\"async\" width=\"1080\" height=\"1080\" src=\"https:\/\/www.esquiades.com\/blog\/app\/uploads\/2026\/06\/IMG_9053.jpg\" class=\"attachment-full size-full wp-image-18875\" alt=\"\" srcset=\"https:\/\/www.esquiades.com\/blog\/app\/uploads\/2026\/06\/IMG_9053.jpg 1080w, https:\/\/www.esquiades.com\/blog\/app\/uploads\/2026\/06\/IMG_9053-300x300.jpg 300w, https:\/\/www.esquiades.com\/blog\/app\/uploads\/2026\/06\/IMG_9053-1024x1024.jpg 1024w, https:\/\/www.esquiades.com\/blog\/app\/uploads\/2026\/06\/IMG_9053-150x150.jpg 150w, https:\/\/www.esquiades.com\/blog\/app\/uploads\/2026\/06\/IMG_9053-768x768.jpg 768w\" sizes=\"(max-width: 1080px) 100vw, 1080px\" \/><\/div>\n\t\t<\/a>\n\t\t\t\t<div class=\"elementor-post__text\">\n\t\t\t\t<h3 class=\"elementor-post__title\">\n\t\t\t<a href=\"https:\/\/www.esquiades.com\/blog\/rutas-en-la-vall-de-boi-lagos-pasarelas-y-paisajes-de-alta-montana\/\" >\n\t\t\t\tRutas en la Vall de Bo\u00ed: lagos, pasarelas y paisajes de alta monta\u00f1a\t\t\t<\/a>\n\t\t<\/h3>\n\t\t\t\t<div class=\"elementor-post__excerpt\">\n\t\t\t<p>Hay lugares que parecen hechos para bajar el ritmo. La Vall de Bo\u00ed es uno de ellos: un valle rodeado de monta\u00f1as, pueblos con encanto,<\/p>\n\t\t<\/div>\n\t\t\n\t\t<a class=\"elementor-post__read-more\" href=\"https:\/\/www.esquiades.com\/blog\/rutas-en-la-vall-de-boi-lagos-pasarelas-y-paisajes-de-alta-montana\/\" aria-label=\"M\u00e1s informaci\u00f3n sobre Rutas en la Vall de Bo\u00ed: lagos, pasarelas y paisajes de alta monta\u00f1a\" tabindex=\"-1\" >\n\t\t\tSeguir leyendo &gt;\t\t<\/a>\n\n\t\t\t\t<\/div>\n\t\t\t\t<\/article>\n\t\t\t\t<article class=\"elementor-post elementor-grid-item post-10497 post type-post status-publish format-standard has-post-thumbnail hentry category-actividades-de-montana category-caldea\" role=\"listitem\">\n\t\t\t\t<a class=\"elementor-post__thumbnail__link\" href=\"https:\/\/www.esquiades.com\/blog\/como-aprovechar-tu-escapada-a-caldea-al-maximo\/\" tabindex=\"-1\" >\n\t\t\t<div class=\"elementor-post__thumbnail\"><img loading=\"lazy\" decoding=\"async\" width=\"1080\" height=\"1080\" src=\"https:\/\/www.esquiades.com\/blog\/app\/uploads\/2020\/11\/AdobeStock_520015427.jpg\" class=\"attachment-full size-full wp-image-19207\" alt=\"\" srcset=\"https:\/\/www.esquiades.com\/blog\/app\/uploads\/2020\/11\/AdobeStock_520015427.jpg 1080w, https:\/\/www.esquiades.com\/blog\/app\/uploads\/2020\/11\/AdobeStock_520015427-300x300.jpg 300w, https:\/\/www.esquiades.com\/blog\/app\/uploads\/2020\/11\/AdobeStock_520015427-1024x1024.jpg 1024w, https:\/\/www.esquiades.com\/blog\/app\/uploads\/2020\/11\/AdobeStock_520015427-150x150.jpg 150w, https:\/\/www.esquiades.com\/blog\/app\/uploads\/2020\/11\/AdobeStock_520015427-768x768.jpg 768w\" sizes=\"(max-width: 1080px) 100vw, 1080px\" \/><\/div>\n\t\t<\/a>\n\t\t\t\t<div class=\"elementor-post__text\">\n\t\t\t\t<h3 class=\"elementor-post__title\">\n\t\t\t<a href=\"https:\/\/www.esquiades.com\/blog\/como-aprovechar-tu-escapada-a-caldea-al-maximo\/\" >\n\t\t\t\tC\u00f3mo aprovechar tu escapada a Caldea al m\u00e1ximo: gu\u00eda completa 2026\t\t\t<\/a>\n\t\t<\/h3>\n\t\t\t\t<div class=\"elementor-post__excerpt\">\n\t\t\t<p>\u00a0 Si buscas una escapada de relax en el Pirineo, Caldea es una parada obligada.\u00a0 \ud83d\udccc\u00a0Se trata del mayor centro termol\u00fadico del sur de Europa,<\/p>\n\t\t<\/div>\n\t\t\n\t\t<a class=\"elementor-post__read-more\" href=\"https:\/\/www.esquiades.com\/blog\/como-aprovechar-tu-escapada-a-caldea-al-maximo\/\" aria-label=\"M\u00e1s informaci\u00f3n sobre C\u00f3mo aprovechar tu escapada a Caldea al m\u00e1ximo: gu\u00eda completa 2026\" tabindex=\"-1\" >\n\t\t\tSeguir leyendo &gt;\t\t<\/a>\n\n\t\t\t\t<\/div>\n\t\t\t\t<\/article>\n\t\t\t\t<article class=\"elementor-post elementor-grid-item post-18826 post type-post status-publish format-standard has-post-thumbnail hentry category-sin-categoria tag-alpes-franceses tag-verano\" role=\"listitem\">\n\t\t\t\t<a class=\"elementor-post__thumbnail__link\" href=\"https:\/\/www.esquiades.com\/blog\/estaciones-de-esqui-en-verano-destinos-imprescindibles-para-amantes-de-la-montana\/\" tabindex=\"-1\" >\n\t\t\t<div class=\"elementor-post__thumbnail\"><img loading=\"lazy\" decoding=\"async\" width=\"1080\" height=\"1080\" src=\"https:\/\/www.esquiades.com\/blog\/app\/uploads\/2026\/06\/Portada-Blog.jpg\" class=\"attachment-full size-full wp-image-18855\" alt=\"\" srcset=\"https:\/\/www.esquiades.com\/blog\/app\/uploads\/2026\/06\/Portada-Blog.jpg 1080w, https:\/\/www.esquiades.com\/blog\/app\/uploads\/2026\/06\/Portada-Blog-300x300.jpg 300w, https:\/\/www.esquiades.com\/blog\/app\/uploads\/2026\/06\/Portada-Blog-1024x1024.jpg 1024w, https:\/\/www.esquiades.com\/blog\/app\/uploads\/2026\/06\/Portada-Blog-150x150.jpg 150w, https:\/\/www.esquiades.com\/blog\/app\/uploads\/2026\/06\/Portada-Blog-768x768.jpg 768w\" sizes=\"(max-width: 1080px) 100vw, 1080px\" \/><\/div>\n\t\t<\/a>\n\t\t\t\t<div class=\"elementor-post__text\">\n\t\t\t\t<h3 class=\"elementor-post__title\">\n\t\t\t<a href=\"https:\/\/www.esquiades.com\/blog\/estaciones-de-esqui-en-verano-destinos-imprescindibles-para-amantes-de-la-montana\/\" >\n\t\t\t\tEstaciones de esqu\u00ed en verano: destinos imprescindibles para amantes de la monta\u00f1a\t\t\t<\/a>\n\t\t<\/h3>\n\t\t\t\t<div class=\"elementor-post__excerpt\">\n\t\t\t<p>Cuando aparece el calor de verano, muchos esquiadores guardan sus tablas y sus esqu\u00eds en el armario, pensando ya en la pr\u00f3xima temporada. \u2600\ufe0f Sin<\/p>\n\t\t<\/div>\n\t\t\n\t\t<a class=\"elementor-post__read-more\" href=\"https:\/\/www.esquiades.com\/blog\/estaciones-de-esqui-en-verano-destinos-imprescindibles-para-amantes-de-la-montana\/\" aria-label=\"M\u00e1s informaci\u00f3n sobre Estaciones de esqu\u00ed en verano: destinos imprescindibles para amantes de la monta\u00f1a\" tabindex=\"-1\" >\n\t\t\tSeguir leyendo &gt;\t\t<\/a>\n\n\t\t\t\t<\/div>\n\t\t\t\t<\/article>\n\t\t\t\t<article class=\"elementor-post elementor-grid-item post-18790 post type-post status-publish format-standard has-post-thumbnail hentry category-nuevas-pistas tag-esquiades-com tag-kilometros-esquiables tag-pistas-de-esqui tag-recomendaciones tag-temporada2526\" role=\"listitem\">\n\t\t\t\t<a class=\"elementor-post__thumbnail__link\" href=\"https:\/\/www.esquiades.com\/blog\/balance-de-la-temporada-2025-26-las-estaciones-que-mas-crecieron-en-kilometros-esquiables\/\" tabindex=\"-1\" >\n\t\t\t<div class=\"elementor-post__thumbnail\"><img loading=\"lazy\" decoding=\"async\" width=\"1080\" height=\"1080\" src=\"https:\/\/www.esquiades.com\/blog\/app\/uploads\/2026\/05\/IMG_9053.jpg\" class=\"attachment-full size-full wp-image-18791\" alt=\"\" srcset=\"https:\/\/www.esquiades.com\/blog\/app\/uploads\/2026\/05\/IMG_9053.jpg 1080w, https:\/\/www.esquiades.com\/blog\/app\/uploads\/2026\/05\/IMG_9053-300x300.jpg 300w, https:\/\/www.esquiades.com\/blog\/app\/uploads\/2026\/05\/IMG_9053-1024x1024.jpg 1024w, https:\/\/www.esquiades.com\/blog\/app\/uploads\/2026\/05\/IMG_9053-150x150.jpg 150w, https:\/\/www.esquiades.com\/blog\/app\/uploads\/2026\/05\/IMG_9053-768x768.jpg 768w\" sizes=\"(max-width: 1080px) 100vw, 1080px\" \/><\/div>\n\t\t<\/a>\n\t\t\t\t<div class=\"elementor-post__text\">\n\t\t\t\t<h3 class=\"elementor-post__title\">\n\t\t\t<a href=\"https:\/\/www.esquiades.com\/blog\/balance-de-la-temporada-2025-26-las-estaciones-que-mas-crecieron-en-kilometros-esquiables\/\" >\n\t\t\t\tBalance de la temporada 2025\/26: las estaciones que m\u00e1s crecieron en kil\u00f3metros esquiables\t\t\t<\/a>\n\t\t<\/h3>\n\t\t\t\t<div class=\"elementor-post__excerpt\">\n\t\t\t<p>\u00a1Qu\u00e9 temporada hemos vivido! En Esquiades.com todav\u00eda tenemos la nieve en las venas tras cerrar un invierno 2025\/26 que pasar\u00e1 a la historia. No solo<\/p>\n\t\t<\/div>\n\t\t\n\t\t<a class=\"elementor-post__read-more\" href=\"https:\/\/www.esquiades.com\/blog\/balance-de-la-temporada-2025-26-las-estaciones-que-mas-crecieron-en-kilometros-esquiables\/\" aria-label=\"M\u00e1s informaci\u00f3n sobre Balance de la temporada 2025\/26: las estaciones que m\u00e1s crecieron en kil\u00f3metros esquiables\" tabindex=\"-1\" >\n\t\t\tSeguir leyendo &gt;\t\t<\/a>\n\n\t\t\t\t<\/div>\n\t\t\t\t<\/article>\n\t\t\t\t<article class=\"elementor-post elementor-grid-item post-18710 post type-post status-publish format-standard has-post-thumbnail hentry category-actividades-de-montana category-andorra tag-alta-montana tag-andorra tag-deshielo tag-equipamiento-montana tag-esqui tag-esquiades-com tag-naturaleza tag-rutas-de-montana tag-senderismo tag-senderos\" role=\"listitem\">\n\t\t\t\t<a class=\"elementor-post__thumbnail__link\" href=\"https:\/\/www.esquiades.com\/blog\/de-las-pistas-al-sendero-como-planificar-tu-primera-ruta-de-montana-cuando-se-va-la-nieve\/\" tabindex=\"-1\" >\n\t\t\t<div class=\"elementor-post__thumbnail\"><img loading=\"lazy\" decoding=\"async\" width=\"1080\" height=\"1080\" src=\"https:\/\/www.esquiades.com\/blog\/app\/uploads\/2026\/05\/blog-ski.jpg\" class=\"attachment-full size-full wp-image-18787\" alt=\"\" srcset=\"https:\/\/www.esquiades.com\/blog\/app\/uploads\/2026\/05\/blog-ski.jpg 1080w, https:\/\/www.esquiades.com\/blog\/app\/uploads\/2026\/05\/blog-ski-300x300.jpg 300w, https:\/\/www.esquiades.com\/blog\/app\/uploads\/2026\/05\/blog-ski-1024x1024.jpg 1024w, https:\/\/www.esquiades.com\/blog\/app\/uploads\/2026\/05\/blog-ski-150x150.jpg 150w, https:\/\/www.esquiades.com\/blog\/app\/uploads\/2026\/05\/blog-ski-768x768.jpg 768w\" sizes=\"(max-width: 1080px) 100vw, 1080px\" \/><\/div>\n\t\t<\/a>\n\t\t\t\t<div class=\"elementor-post__text\">\n\t\t\t\t<h3 class=\"elementor-post__title\">\n\t\t\t<a href=\"https:\/\/www.esquiades.com\/blog\/de-las-pistas-al-sendero-como-planificar-tu-primera-ruta-de-montana-cuando-se-va-la-nieve\/\" >\n\t\t\t\tDe las pistas al sendero: c\u00f3mo planificar tu primera ruta de monta\u00f1a tras la temporada de esqu\u00ed\t\t\t<\/a>\n\t\t<\/h3>\n\t\t\t\t<div class=\"elementor-post__excerpt\">\n\t\t\t<p>De las pistas al sendero: c\u00f3mo planificar tu primera ruta de monta\u00f1a tras la temporada de esqu\u00ed De las pistas al sendero: c\u00f3mo planificar tu<\/p>\n\t\t<\/div>\n\t\t\n\t\t<a class=\"elementor-post__read-more\" href=\"https:\/\/www.esquiades.com\/blog\/de-las-pistas-al-sendero-como-planificar-tu-primera-ruta-de-montana-cuando-se-va-la-nieve\/\" aria-label=\"M\u00e1s informaci\u00f3n sobre De las pistas al sendero: c\u00f3mo planificar tu primera ruta de monta\u00f1a tras la temporada de esqu\u00ed\" tabindex=\"-1\" >\n\t\t\tSeguir leyendo &gt;\t\t<\/a>\n\n\t\t\t\t<\/div>\n\t\t\t\t<\/article>\n\t\t\t\t<article class=\"elementor-post elementor-grid-item post-12006 post type-post status-publish format-standard has-post-thumbnail hentry category-actividades-de-montana tag-las-mejores-rutas-de-andorra tag-las-rutas-mas-faciles-en-andorra tag-mejores-senderos-de-andorra tag-rutas-con-ninos-en-andorra tag-rutas-en-andorra tag-rutas-senderismo-con-ninos-andorra tag-senderismo-facil-en-andorra tag-senderos tag-senderos-en-andorra tag-senderos-faciles\" role=\"listitem\">\n\t\t\t\t<a class=\"elementor-post__thumbnail__link\" href=\"https:\/\/www.esquiades.com\/blog\/los-7-senderos-mas-faciles-de-andorra-las-mejores-rutas-para-pasear\/\" tabindex=\"-1\" >\n\t\t\t<div class=\"elementor-post__thumbnail\"><img loading=\"lazy\" decoding=\"async\" width=\"1080\" height=\"1080\" src=\"https:\/\/www.esquiades.com\/blog\/app\/uploads\/2023\/04\/AdobeStock_520015427.jpg\" class=\"attachment-full size-full wp-image-18695\" alt=\"\" srcset=\"https:\/\/www.esquiades.com\/blog\/app\/uploads\/2023\/04\/AdobeStock_520015427.jpg 1080w, https:\/\/www.esquiades.com\/blog\/app\/uploads\/2023\/04\/AdobeStock_520015427-300x300.jpg 300w, https:\/\/www.esquiades.com\/blog\/app\/uploads\/2023\/04\/AdobeStock_520015427-1024x1024.jpg 1024w, https:\/\/www.esquiades.com\/blog\/app\/uploads\/2023\/04\/AdobeStock_520015427-150x150.jpg 150w, https:\/\/www.esquiades.com\/blog\/app\/uploads\/2023\/04\/AdobeStock_520015427-768x768.jpg 768w\" sizes=\"(max-width: 1080px) 100vw, 1080px\" \/><\/div>\n\t\t<\/a>\n\t\t\t\t<div class=\"elementor-post__text\">\n\t\t\t\t<h3 class=\"elementor-post__title\">\n\t\t\t<a href=\"https:\/\/www.esquiades.com\/blog\/los-7-senderos-mas-faciles-de-andorra-las-mejores-rutas-para-pasear\/\" >\n\t\t\t\tLos 7 senderos m\u00e1s f\u00e1ciles de Andorra \u00a1Las mejores rutas para pasear con ni\u00f1os!\t\t\t<\/a>\n\t\t<\/h3>\n\t\t\t\t<div class=\"elementor-post__excerpt\">\n\t\t\t<p>La temporada de esqu\u00ed ha finalizado\u2026 pero no por ello, se han acabado los planes en Andorra \ud83d\ude0f Todos sabemos que este peque\u00f1o pa\u00eds, se<\/p>\n\t\t<\/div>\n\t\t\n\t\t<a class=\"elementor-post__read-more\" href=\"https:\/\/www.esquiades.com\/blog\/los-7-senderos-mas-faciles-de-andorra-las-mejores-rutas-para-pasear\/\" aria-label=\"M\u00e1s informaci\u00f3n sobre Los 7 senderos m\u00e1s f\u00e1ciles de Andorra \u00a1Las mejores rutas para pasear con ni\u00f1os!\" tabindex=\"-1\" >\n\t\t\tSeguir leyendo &gt;\t\t<\/a>\n\n\t\t\t\t<\/div>\n\t\t\t\t<\/article>\n\t\t\t\t<\/div>\n\t\t\n\t\t\t\t<div class=\"e-load-more-anchor\" data-page=\"1\" data-max-page=\"63\" data-next-page=\"https:\/\/www.esquiades.com\/blog\/wp-json\/wp\/v2\/pages\/10250\/page\/2\/\"><\/div>\n\t\t\t\t<nav class=\"elementor-pagination\" aria-label=\"Paginaci\u00f3n\">\n\t\t\t<span aria-current=\"page\" class=\"page-numbers current\"><span class=\"elementor-screen-only\">P\u00e1gina<\/span>1<\/span>\n<a class=\"page-numbers\" href=\"https:\/\/www.esquiades.com\/blog\/wp-json\/wp\/v2\/pages\/10250\/page\/2\/\"><span class=\"elementor-screen-only\">P\u00e1gina<\/span>2<\/a>\n<a class=\"page-numbers\" href=\"https:\/\/www.esquiades.com\/blog\/wp-json\/wp\/v2\/pages\/10250\/page\/3\/\"><span class=\"elementor-screen-only\">P\u00e1gina<\/span>3<\/a>\n<span class=\"page-numbers dots\">&hellip;<\/span>\n<a class=\"page-numbers\" href=\"https:\/\/www.esquiades.com\/blog\/wp-json\/wp\/v2\/pages\/10250\/page\/63\/\"><span class=\"elementor-screen-only\">P\u00e1gina<\/span>63<\/a>\t\t<\/nav>\n\t\t\t\t\t\t<\/div>\n\t\t\t\t<\/div>\n\t\t\t\t<div class=\"elementor-element elementor-element-358d6e07 elementor-widget elementor-widget-heading\" data-id=\"358d6e07\" data-element_type=\"widget\" data-e-type=\"widget\" data-widget_type=\"heading.default\">\n\t\t\t\t<div class=\"elementor-widget-container\">\n\t\t\t\t\t<h2 class=\"elementor-heading-title elementor-size-default\"><a href=\"https:\/\/www.esquiades.com\">Ofertas en esquiades.com<\/a><\/h2>\t\t\t\t<\/div>\n\t\t\t\t<\/div>\n\t\t\t\t<div class=\"elementor-element elementor-element-4ee204ea elementor-widget elementor-widget-template\" data-id=\"4ee204ea\" data-element_type=\"widget\" data-e-type=\"widget\" data-widget_type=\"template.default\">\n\t\t\t\t<div class=\"elementor-widget-container\">\n\t\t\t\t\t\t\t<div class=\"elementor-template\">\n\t\t\t\t\t<\/div>\n\t\t\t\t\t\t<\/div>\n\t\t\t\t<\/div>\n\t\t\t\t\t<\/div>\n\t\t<\/div>\n\t\t\t\t\t<\/div>\n\t\t<\/section>\n\t\t\t\t<\/div>\n\t\t","protected":false},"excerpt":{"rendered":"<p>Todas las entradas del blog Ofertas en esquiades.com<\/p>\n","protected":false},"author":1,"featured_media":0,"parent":0,"menu_order":0,"comment_status":"closed","ping_status":"closed","template":"","meta":{"_acf_changed":false,"footnotes":""},"class_list":["post-10250","page","type-page","status-publish","hentry"],"acf":[],"yoast_head":"<!-- This site is optimized with the Yoast SEO plugin v28.2 - https:\/\/yoast.com\/product\/yoast-seo-wordpress\/ -->\n<title>Ultimas noticias - Esquiades Blog<\/title>\n<meta name=\"robots\" content=\"index, follow, max-snippet:-1, max-image-preview:large, max-video-preview:-1\" \/>\n<link rel=\"canonical\" href=\"https:\/\/www.esquiades.com\/blog\/ultimas-noticias\/\" \/>\n<meta property=\"og:locale\" content=\"es_ES\" \/>\n<meta property=\"og:type\" content=\"article\" \/>\n<meta property=\"og:title\" content=\"Ultimas noticias - Esquiades Blog\" \/>\n<meta property=\"og:description\" content=\"Todas las entradas del blog Ofertas en esquiades.com\" \/>\n<meta property=\"og:url\" content=\"https:\/\/www.esquiades.com\/blog\/ultimas-noticias\/\" \/>\n<meta property=\"og:site_name\" content=\"Esquiades Blog\" \/>\n<meta property=\"article:modified_time\" content=\"2026-06-15T07:06:58+00:00\" \/>\n<meta name=\"twitter:card\" content=\"summary_large_image\" \/>\n<meta name=\"twitter:label1\" content=\"Tiempo de lectura\" \/>\n\t<meta name=\"twitter:data1\" content=\"7 minutos\" \/>\n<script type=\"application\/ld+json\" class=\"yoast-schema-graph\">{\"@context\":\"https:\\\/\\\/schema.org\",\"@graph\":[{\"@type\":\"NewsArticle\",\"@id\":\"https:\\\/\\\/www.esquiades.com\\\/blog\\\/ultimas-noticias\\\/#article\",\"isPartOf\":{\"@id\":\"https:\\\/\\\/www.esquiades.com\\\/blog\\\/ultimas-noticias\\\/\"},\"author\":{\"name\":\"pps@b2-performance.es\",\"@id\":\"https:\\\/\\\/www.esquiades.com\\\/blog\\\/#\\\/schema\\\/person\\\/d0fd9f4f1a875a2fda01aa476d80a062\"},\"headline\":\"Ultimas noticias\",\"datePublished\":\"2020-04-16T10:26:25+00:00\",\"dateModified\":\"2026-06-15T07:06:58+00:00\",\"mainEntityOfPage\":{\"@id\":\"https:\\\/\\\/www.esquiades.com\\\/blog\\\/ultimas-noticias\\\/\"},\"wordCount\":11,\"publisher\":{\"@id\":\"https:\\\/\\\/www.esquiades.com\\\/blog\\\/#organization\"},\"inLanguage\":\"es\"},{\"@type\":\"WebPage\",\"@id\":\"https:\\\/\\\/www.esquiades.com\\\/blog\\\/ultimas-noticias\\\/\",\"url\":\"https:\\\/\\\/www.esquiades.com\\\/blog\\\/ultimas-noticias\\\/\",\"name\":\"Ultimas noticias - Esquiades Blog\",\"isPartOf\":{\"@id\":\"https:\\\/\\\/www.esquiades.com\\\/blog\\\/#website\"},\"datePublished\":\"2020-04-16T10:26:25+00:00\",\"dateModified\":\"2026-06-15T07:06:58+00:00\",\"breadcrumb\":{\"@id\":\"https:\\\/\\\/www.esquiades.com\\\/blog\\\/ultimas-noticias\\\/#breadcrumb\"},\"inLanguage\":\"es\",\"potentialAction\":[{\"@type\":\"ReadAction\",\"target\":[\"https:\\\/\\\/www.esquiades.com\\\/blog\\\/ultimas-noticias\\\/\"]}]},{\"@type\":\"BreadcrumbList\",\"@id\":\"https:\\\/\\\/www.esquiades.com\\\/blog\\\/ultimas-noticias\\\/#breadcrumb\",\"itemListElement\":[{\"@type\":\"ListItem\",\"position\":1,\"name\":\"Home\",\"item\":\"https:\\\/\\\/www.esquiades.com\\\/blog\\\/\"},{\"@type\":\"ListItem\",\"position\":2,\"name\":\"Ultimas noticias\"}]},{\"@type\":\"WebSite\",\"@id\":\"https:\\\/\\\/www.esquiades.com\\\/blog\\\/#website\",\"url\":\"https:\\\/\\\/www.esquiades.com\\\/blog\\\/\",\"name\":\"Esquiades Blog\",\"description\":\"Pasi\u00f3n por la nieve y la monta\u00f1a\",\"publisher\":{\"@id\":\"https:\\\/\\\/www.esquiades.com\\\/blog\\\/#organization\"},\"potentialAction\":[{\"@type\":\"SearchAction\",\"target\":{\"@type\":\"EntryPoint\",\"urlTemplate\":\"https:\\\/\\\/www.esquiades.com\\\/blog\\\/?s={search_term_string}\"},\"query-input\":{\"@type\":\"PropertyValueSpecification\",\"valueRequired\":true,\"valueName\":\"search_term_string\"}}],\"inLanguage\":\"es\"},{\"@type\":\"Organization\",\"@id\":\"https:\\\/\\\/www.esquiades.com\\\/blog\\\/#organization\",\"name\":\"Esquiades Blog\",\"url\":\"https:\\\/\\\/www.esquiades.com\\\/blog\\\/\",\"logo\":{\"@type\":\"ImageObject\",\"inLanguage\":\"es\",\"@id\":\"https:\\\/\\\/www.esquiades.com\\\/blog\\\/#\\\/schema\\\/logo\\\/image\\\/\",\"url\":\"https:\\\/\\\/www.esquiades.com\\\/blog\\\/app\\\/uploads\\\/2017\\\/02\\\/esquiades-LOGO-2.jpg\",\"contentUrl\":\"https:\\\/\\\/www.esquiades.com\\\/blog\\\/app\\\/uploads\\\/2017\\\/02\\\/esquiades-LOGO-2.jpg\",\"width\":397,\"height\":157,\"caption\":\"Esquiades Blog\"},\"image\":{\"@id\":\"https:\\\/\\\/www.esquiades.com\\\/blog\\\/#\\\/schema\\\/logo\\\/image\\\/\"}},{\"@type\":\"Person\",\"@id\":\"https:\\\/\\\/www.esquiades.com\\\/blog\\\/#\\\/schema\\\/person\\\/d0fd9f4f1a875a2fda01aa476d80a062\",\"name\":\"pps@b2-performance.es\",\"image\":{\"@type\":\"ImageObject\",\"inLanguage\":\"es\",\"@id\":\"https:\\\/\\\/secure.gravatar.com\\\/avatar\\\/0329b708caf0b031cad4c30f76b07f821c214bb62667106c6e61789a4286bb5f?s=96&d=mm&r=g\",\"url\":\"https:\\\/\\\/secure.gravatar.com\\\/avatar\\\/0329b708caf0b031cad4c30f76b07f821c214bb62667106c6e61789a4286bb5f?s=96&d=mm&r=g\",\"contentUrl\":\"https:\\\/\\\/secure.gravatar.com\\\/avatar\\\/0329b708caf0b031cad4c30f76b07f821c214bb62667106c6e61789a4286bb5f?s=96&d=mm&r=g\",\"caption\":\"pps@b2-performance.es\"},\"url\":\"https:\\\/\\\/www.esquiades.com\\\/blog\\\/author\\\/ppsb2-performance-es\\\/\"}]}<\/script>\n<!-- \/ Yoast SEO plugin. -->","yoast_head_json":{"title":"Ultimas noticias - Esquiades Blog","robots":{"index":"index","follow":"follow","max-snippet":"max-snippet:-1","max-image-preview":"max-image-preview:large","max-video-preview":"max-video-preview:-1"},"canonical":"https:\/\/www.esquiades.com\/blog\/ultimas-noticias\/","og_locale":"es_ES","og_type":"article","og_title":"Ultimas noticias - Esquiades Blog","og_description":"Todas las entradas del blog Ofertas en esquiades.com","og_url":"https:\/\/www.esquiades.com\/blog\/ultimas-noticias\/","og_site_name":"Esquiades Blog","article_modified_time":"2026-06-15T07:06:58+00:00","twitter_card":"summary_large_image","twitter_misc":{"Tiempo de lectura":"7 minutos"},"schema":{"@context":"https:\/\/schema.org","@graph":[{"@type":"NewsArticle","@id":"https:\/\/www.esquiades.com\/blog\/ultimas-noticias\/#article","isPartOf":{"@id":"https:\/\/www.esquiades.com\/blog\/ultimas-noticias\/"},"author":{"name":"pps@b2-performance.es","@id":"https:\/\/www.esquiades.com\/blog\/#\/schema\/person\/d0fd9f4f1a875a2fda01aa476d80a062"},"headline":"Ultimas noticias","datePublished":"2020-04-16T10:26:25+00:00","dateModified":"2026-06-15T07:06:58+00:00","mainEntityOfPage":{"@id":"https:\/\/www.esquiades.com\/blog\/ultimas-noticias\/"},"wordCount":11,"publisher":{"@id":"https:\/\/www.esquiades.com\/blog\/#organization"},"inLanguage":"es"},{"@type":"WebPage","@id":"https:\/\/www.esquiades.com\/blog\/ultimas-noticias\/","url":"https:\/\/www.esquiades.com\/blog\/ultimas-noticias\/","name":"Ultimas noticias - Esquiades Blog","isPartOf":{"@id":"https:\/\/www.esquiades.com\/blog\/#website"},"datePublished":"2020-04-16T10:26:25+00:00","dateModified":"2026-06-15T07:06:58+00:00","breadcrumb":{"@id":"https:\/\/www.esquiades.com\/blog\/ultimas-noticias\/#breadcrumb"},"inLanguage":"es","potentialAction":[{"@type":"ReadAction","target":["https:\/\/www.esquiades.com\/blog\/ultimas-noticias\/"]}]},{"@type":"BreadcrumbList","@id":"https:\/\/www.esquiades.com\/blog\/ultimas-noticias\/#breadcrumb","itemListElement":[{"@type":"ListItem","position":1,"name":"Home","item":"https:\/\/www.esquiades.com\/blog\/"},{"@type":"ListItem","position":2,"name":"Ultimas noticias"}]},{"@type":"WebSite","@id":"https:\/\/www.esquiades.com\/blog\/#website","url":"https:\/\/www.esquiades.com\/blog\/","name":"Esquiades Blog","description":"Pasi\u00f3n por la nieve y la monta\u00f1a","publisher":{"@id":"https:\/\/www.esquiades.com\/blog\/#organization"},"potentialAction":[{"@type":"SearchAction","target":{"@type":"EntryPoint","urlTemplate":"https:\/\/www.esquiades.com\/blog\/?s={search_term_string}"},"query-input":{"@type":"PropertyValueSpecification","valueRequired":true,"valueName":"search_term_string"}}],"inLanguage":"es"},{"@type":"Organization","@id":"https:\/\/www.esquiades.com\/blog\/#organization","name":"Esquiades Blog","url":"https:\/\/www.esquiades.com\/blog\/","logo":{"@type":"ImageObject","inLanguage":"es","@id":"https:\/\/www.esquiades.com\/blog\/#\/schema\/logo\/image\/","url":"https:\/\/www.esquiades.com\/blog\/app\/uploads\/2017\/02\/esquiades-LOGO-2.jpg","contentUrl":"https:\/\/www.esquiades.com\/blog\/app\/uploads\/2017\/02\/esquiades-LOGO-2.jpg","width":397,"height":157,"caption":"Esquiades Blog"},"image":{"@id":"https:\/\/www.esquiades.com\/blog\/#\/schema\/logo\/image\/"}},{"@type":"Person","@id":"https:\/\/www.esquiades.com\/blog\/#\/schema\/person\/d0fd9f4f1a875a2fda01aa476d80a062","name":"pps@b2-performance.es","image":{"@type":"ImageObject","inLanguage":"es","@id":"https:\/\/secure.gravatar.com\/avatar\/0329b708caf0b031cad4c30f76b07f821c214bb62667106c6e61789a4286bb5f?s=96&d=mm&r=g","url":"https:\/\/secure.gravatar.com\/avatar\/0329b708caf0b031cad4c30f76b07f821c214bb62667106c6e61789a4286bb5f?s=96&d=mm&r=g","contentUrl":"https:\/\/secure.gravatar.com\/avatar\/0329b708caf0b031cad4c30f76b07f821c214bb62667106c6e61789a4286bb5f?s=96&d=mm&r=g","caption":"pps@b2-performance.es"},"url":"https:\/\/www.esquiades.com\/blog\/author\/ppsb2-performance-es\/"}]}},"_links":{"self":[{"href":"https:\/\/www.esquiades.com\/blog\/wp-json\/wp\/v2\/pages\/10250","targetHints":{"allow":["GET"]}}],"collection":[{"href":"https:\/\/www.esquiades.com\/blog\/wp-json\/wp\/v2\/pages"}],"about":[{"href":"https:\/\/www.esquiades.com\/blog\/wp-json\/wp\/v2\/types\/page"}],"author":[{"embeddable":true,"href":"https:\/\/www.esquiades.com\/blog\/wp-json\/wp\/v2\/users\/1"}],"replies":[{"embeddable":true,"href":"https:\/\/www.esquiades.com\/blog\/wp-json\/wp\/v2\/comments?post=10250"}],"version-history":[{"count":6,"href":"https:\/\/www.esquiades.com\/blog\/wp-json\/wp\/v2\/pages\/10250\/revisions"}],"predecessor-version":[{"id":18863,"href":"https:\/\/www.esquiades.com\/blog\/wp-json\/wp\/v2\/pages\/10250\/revisions\/18863"}],"wp:attachment":[{"href":"https:\/\/www.esquiades.com\/blog\/wp-json\/wp\/v2\/media?parent=10250"}],"curies":[{"name":"wp","href":"https:\/\/api.w.org\/{rel}","templated":true}]}}